{"id":55,"date":"2023-04-03T19:19:57","date_gmt":"2023-04-03T17:19:57","guid":{"rendered":"https:\/\/consolatozurigo.esteri.it\/?page_id=55"},"modified":"2023-04-03T19:19:57","modified_gmt":"2023-04-03T17:19:57","slug":"dal_consolato","status":"publish","type":"page","link":"https:\/\/consmanchester.esteri.it\/it\/news\/dal_consolato\/","title":{"rendered":"Dal Consolato"},"content":{"rendered":"        <div class=\"row\">\n\t\t\t<!-- Ricerca sedi post -->\n\t\t\t<div class=\"col-12 mt-4\">\n\t\t\t  <div class=\"callout callout-highlight note ricerca-esteri p-4\">\n                    <div class=\"callout-title\">\n                        <svg class=\"icon\">\n                            <use xlink:href=\"https:\/\/consmanchester.esteri.it\/wp-content\/themes\/sedi-tema\/assets\/svg\/sprites.svg#it-search\"><\/use>\n                        <\/svg>Inserisci i parametri di ricerca                    <\/div>\n                    <form id=\"searchFormPost\" name=\"form-search-post\" class=\"form-row align-items-center\" action=\"https:\/\/consmanchester.esteri.it\/it\/wp-json\/wp\/v2\/pages\/55\/\" method=\"GET\"> \n                        <!-- <div class=\"form-group pt-5\"> -->\n                            <!-- <input type=\"hidden\" id=\"lang\" name=\"lang\" value=\"\"> --> <!-- <\/div> -->\n\n                        <div class=\"it-datepicker-wrapper\">\n                            <div class=\"row\">\n                                <div class=\"form-group col-md-6\">\n                                    <label class=\"active\" for=\"date-init\">Dal<\/label>\n                                    <input class=\"form-control\" name=\"date-init\" id=\"date-init\" type=\"date\" placeholder=\"gg\/mm\/aaaa\" value=\"\"lang=\"en-EN\">  \n                                <\/div>\n                                <div class=\"form-group col-md-6\">\n                                    <label class=\"active\" for=\"date-end\">Al<\/label>\n                                    <input class=\"form-control\" name=\"date-end\" id=\"date-end\" type=\"date\" placeholder=\"gg\/mm\/aaaa\" value=\"\">\n                                <\/div>\n                            <\/div>\n                        <\/div>\n                        <div class=\"form-group col-md-12 mt-3\">\n                            <label for=\"searchText\">Campo ricerca libera<\/label>\n                            <input type=\"text\" name=\"searchText\" class=\"form-control\" id=\"searchText\" value=\"\">\n                        <\/div>\n                        <div class=\"form-group col-md-4 offset-md-8 text-end\">\n                            <a href=\"https:\/\/consmanchester.esteri.it\/it\/news\/dal_consolato\/\" title=\"Form reset\" id=\"resetImput\" class=\"btn btn-outline-primary btn-xs\">Reset<\/a>\n                            <button type=\"submit\" class=\"btn btn-primary btn-xs\">Mostra risultati<\/button>\n                        <\/div>\n                    <\/form>\n\t\t\t\t<\/div>\n\t\t\t<\/div>\n\t\t<\/div>\n                    \n            <div class=\"row\">\n                            <div class=\"col-12 mt-3\">\n                <!--start card-->\n                <div class=\"card-wrapper card-space\">\n                    <div class=\"card card-bg card-big border-bottom-card\">\n                        <div class=\"card-body \">\n                                                        <div class=\"category-top\">\n                                                                                                            <span class=\"\">\n                                        <svg class=\"icon icon-secondary\">\n                                            <use xlink:href=\"https:\/\/consmanchester.esteri.it\/wp-content\/themes\/sedi-tema\/assets\/svg\/sprites.svg#it-calendar\"><\/use>\n                                        <\/svg> 26 Agosto 2026                                    <\/span>\n                                                                    <\/div>\n                            <h5 class=\"card-title big-heading text-uppercase\"><a class=\"text-body text-decoration-none\" href=\"https:\/\/consmanchester.esteri.it\/it\/news\/dal_consolato\/2026\/08\/premi-maeci\/\" title=\"Premi MAECI\">Premi MAECI<\/a><\/h5>\n                            <p class=\"card-text\">Il Ministero degli Affari Esteri e della Cooperazione Internazionale lancia tre premi rivolti ai ricercatori che operano all\u2019estero: Premio Farnesina\u00a0\u2013 Italian Bilateral Scientific Cooperation\u00a0(per i ricercatori\u00a0italiani\u00a0nel Regno Unito) Premio\u00a0L\u2019innovazione che parla italiano\u00a0(per le start-up che operano nel Regno Unito e fondate da\u00a0cittadini italiani) Premio\u00a0Science, She Says!\u00a0(per le ricercatrici\u00a0non-italiane\u00a0nel Regno Unito) La scadenza per presentare le [&hellip;]<\/p>\n                                <a title=\"Premi MAECI\" class=\"read-more\" href=\"https:\/\/consmanchester.esteri.it\/it\/news\/dal_consolato\/2026\/08\/premi-maeci\/\">\n                                    <span class=\"text\">Leggi di pi\u00f9<\/span>\n                                    <svg class=\"icon\">\n                                    <use xlink:href=\"https:\/\/consmanchester.esteri.it\/wp-content\/themes\/sedi-tema\/assets\/svg\/sprites.svg#it-arrow-right\"><\/use>\n                                    <\/svg>\n                                <\/a>\n                                                    <\/div>\n                    <\/div>\n                <\/div>\n                <!--end card-->\n                <\/div><!-- col-12 .mt-3-->\n                            <div class=\"col-12 mt-3\">\n                <!--start card-->\n                <div class=\"card-wrapper card-space\">\n                    <div class=\"card card-bg card-big border-bottom-card\">\n                        <div class=\"card-body \">\n                                                        <div class=\"category-top\">\n                                                                                                            <span class=\"\">\n                                        <svg class=\"icon icon-secondary\">\n                                            <use xlink:href=\"https:\/\/consmanchester.esteri.it\/wp-content\/themes\/sedi-tema\/assets\/svg\/sprites.svg#it-calendar\"><\/use>\n                                        <\/svg> 19 Agosto 2026                                    <\/span>\n                                                                    <\/div>\n                            <h5 class=\"card-title big-heading text-uppercase\"><a class=\"text-body text-decoration-none\" href=\"https:\/\/consmanchester.esteri.it\/it\/news\/dal_consolato\/2026\/08\/elezioni-comites-2026-modalita-per-la-richiesta-di-iscrizione-nellelenco-elettorale\/\" title=\"ELEZIONI COMITES 2026: MODALIT\u00c0 PER LA RICHIESTA DI ISCRIZIONE NELL\u2019ELENCO ELETTORALE\">ELEZIONI COMITES 2026: MODALIT\u00c0 PER LA RICHIESTA DI ISCRIZIONE NELL\u2019ELENCO ELETTORALE<\/a><\/h5>\n                            <p class=\"card-text\">Elezione dei Comitati degli italiani all\u2019estero &#8211; COMITES 2026 MODALIT\u00c0 PER LA RICHIESTA DI ISCRIZIONE NELL\u2019ELENCO ELETTORALE &nbsp; Le elezioni per il rinnovo e l\u2019istituzione dei COMITES si terranno entro la fine del 2026. I Comitati degli italiani all\u2019estero sono organi di rappresentanza della collettivit\u00e0 italiana nei rapporti con le rappresentanze diplomatico-consolari e operano per [&hellip;]<\/p>\n                                <a title=\"ELEZIONI COMITES 2026: MODALIT\u00c0 PER LA RICHIESTA DI ISCRIZIONE NELL\u2019ELENCO ELETTORALE\" class=\"read-more\" href=\"https:\/\/consmanchester.esteri.it\/it\/news\/dal_consolato\/2026\/08\/elezioni-comites-2026-modalita-per-la-richiesta-di-iscrizione-nellelenco-elettorale\/\">\n                                    <span class=\"text\">Leggi di pi\u00f9<\/span>\n                                    <svg class=\"icon\">\n                                    <use xlink:href=\"https:\/\/consmanchester.esteri.it\/wp-content\/themes\/sedi-tema\/assets\/svg\/sprites.svg#it-arrow-right\"><\/use>\n                                    <\/svg>\n                                <\/a>\n                                                    <\/div>\n                    <\/div>\n                <\/div>\n                <!--end card-->\n                <\/div><!-- col-12 .mt-3-->\n                            <div class=\"col-12 mt-3\">\n                <!--start card-->\n                <div class=\"card-wrapper card-space\">\n                    <div class=\"card card-bg card-big border-bottom-card\">\n                        <div class=\"card-body \">\n                                                        <div class=\"category-top\">\n                                                                                                            <span class=\"\">\n                                        <svg class=\"icon icon-secondary\">\n                                            <use xlink:href=\"https:\/\/consmanchester.esteri.it\/wp-content\/themes\/sedi-tema\/assets\/svg\/sprites.svg#it-calendar\"><\/use>\n                                        <\/svg> 13 Agosto 2026                                    <\/span>\n                                                                    <\/div>\n                            <h5 class=\"card-title big-heading text-uppercase\"><a class=\"text-body text-decoration-none\" href=\"https:\/\/consmanchester.esteri.it\/it\/news\/dal_consolato\/2026\/08\/elezioni-com-it-es-2026-predisposizione-sottoscrizione-e-presentazione-delle-liste\/\" title=\"ELEZIONI COM.IT.ES. 2026: PREDISPOSIZIONE, SOTTOSCRIZIONE E PRESENTAZIONE DELLE LISTE\">ELEZIONI COM.IT.ES. 2026: PREDISPOSIZIONE, SOTTOSCRIZIONE E PRESENTAZIONE DELLE LISTE<\/a><\/h5>\n                            <p class=\"card-text\">Predisposizione e presentazione liste elettorali &nbsp; Nel 2026 avranno luogo le elezioni per il rinnovo dei Comitati degli Italiani all\u2019Estero (Com.It.Es.). Ai sensi dell\u2019art. 14 del DPR 395\/2003, le liste possono essere presentate all\u2019Ufficio elettorale nelle ore d\u2019ufficio dal ventesimo al trentesimo giorno successivo all\u2019indizione. La raccolta delle firme, la sottoscrizione delle liste e le [&hellip;]<\/p>\n                                <a title=\"ELEZIONI COM.IT.ES. 2026: PREDISPOSIZIONE, SOTTOSCRIZIONE E PRESENTAZIONE DELLE LISTE\" class=\"read-more\" href=\"https:\/\/consmanchester.esteri.it\/it\/news\/dal_consolato\/2026\/08\/elezioni-com-it-es-2026-predisposizione-sottoscrizione-e-presentazione-delle-liste\/\">\n                                    <span class=\"text\">Leggi di pi\u00f9<\/span>\n                                    <svg class=\"icon\">\n                                    <use xlink:href=\"https:\/\/consmanchester.esteri.it\/wp-content\/themes\/sedi-tema\/assets\/svg\/sprites.svg#it-arrow-right\"><\/use>\n                                    <\/svg>\n                                <\/a>\n                                                    <\/div>\n                    <\/div>\n                <\/div>\n                <!--end card-->\n                <\/div><!-- col-12 .mt-3-->\n                            <div class=\"col-12 mt-3\">\n                <!--start card-->\n                <div class=\"card-wrapper card-space\">\n                    <div class=\"card card-bg card-big border-bottom-card\">\n                        <div class=\"card-body \">\n                                                        <div class=\"category-top\">\n                                                                                                            <span class=\"\">\n                                        <svg class=\"icon icon-secondary\">\n                                            <use xlink:href=\"https:\/\/consmanchester.esteri.it\/wp-content\/themes\/sedi-tema\/assets\/svg\/sprites.svg#it-calendar\"><\/use>\n                                        <\/svg> 7 Agosto 2026                                    <\/span>\n                                                                    <\/div>\n                            <h5 class=\"card-title big-heading text-uppercase\"><a class=\"text-body text-decoration-none\" href=\"https:\/\/consmanchester.esteri.it\/it\/news\/dal_consolato\/2026\/08\/25a-giornata-nazionale-del-sacrificio-del-lavoro-italiano-nel-mondo-8-agosto-messaggio-del-vice-presidente-del-consiglio-e-ministro-degli-affari-esteri-e-della-cooperazione-internazionale-on-anto\/\" title=\"25\u00aa Giornata Nazionale del Sacrificio del Lavoro Italiano nel Mondo (8 agosto). Messaggio del Vice Presidente del Consiglio e Ministro degli Affari esteri e della Cooperazione internazionale, On. Antonio Tajani.\">25\u00aa Giornata Nazionale del Sacrificio del Lavoro Italiano nel Mondo (8 agosto). Messaggio del Vice Presidente del Consiglio e Ministro degli Affari esteri e della Cooperazione internazionale, On. Antonio Tajani.<\/a><\/h5>\n                            <p class=\"card-text\">In occasione del 70\u00b0 anniversario della tragedia di Marcinelle, ove nel 1956 persero la vita nella miniera di Bois du Cazier 262 minatori, tra cui 136 italiani, e della 25\u00aa Giornata nazionale del sacrificio del lavoro italiano nel mondo, il Vice Presidente del Consiglio e Ministro degli Affari Esteri e della Cooperazione Internazionale, On. Antonio [&hellip;]<\/p>\n                                <a title=\"25\u00aa Giornata Nazionale del Sacrificio del Lavoro Italiano nel Mondo (8 agosto). Messaggio del Vice Presidente del Consiglio e Ministro degli Affari esteri e della Cooperazione internazionale, On. Antonio Tajani.\" class=\"read-more\" href=\"https:\/\/consmanchester.esteri.it\/it\/news\/dal_consolato\/2026\/08\/25a-giornata-nazionale-del-sacrificio-del-lavoro-italiano-nel-mondo-8-agosto-messaggio-del-vice-presidente-del-consiglio-e-ministro-degli-affari-esteri-e-della-cooperazione-internazionale-on-anto\/\">\n                                    <span class=\"text\">Leggi di pi\u00f9<\/span>\n                                    <svg class=\"icon\">\n                                    <use xlink:href=\"https:\/\/consmanchester.esteri.it\/wp-content\/themes\/sedi-tema\/assets\/svg\/sprites.svg#it-arrow-right\"><\/use>\n                                    <\/svg>\n                                <\/a>\n                                                    <\/div>\n                    <\/div>\n                <\/div>\n                <!--end card-->\n                <\/div><!-- col-12 .mt-3-->\n                            <div class=\"col-12 mt-3\">\n                <!--start card-->\n                <div class=\"card-wrapper card-space\">\n                    <div class=\"card card-bg card-big border-bottom-card\">\n                        <div class=\"card-body \">\n                                                        <div class=\"category-top\">\n                                                                                                            <span class=\"\">\n                                        <svg class=\"icon icon-secondary\">\n                                            <use xlink:href=\"https:\/\/consmanchester.esteri.it\/wp-content\/themes\/sedi-tema\/assets\/svg\/sprites.svg#it-calendar\"><\/use>\n                                        <\/svg> 6 Agosto 2026                                    <\/span>\n                                                                    <\/div>\n                            <h5 class=\"card-title big-heading text-uppercase\"><a class=\"text-body text-decoration-none\" href=\"https:\/\/consmanchester.esteri.it\/it\/news\/dal_consolato\/2026\/08\/missione-consolare-a-york-yorkshire-5-settembre-2026\/\" title=\"MISSIONE CONSOLARE A YORK (YORKSHIRE, 5 SETTEMBRE 2026)\">MISSIONE CONSOLARE A YORK (YORKSHIRE, 5 SETTEMBRE 2026)<\/a><\/h5>\n                            <p class=\"card-text\">Sabato 5 settembre 2026 il Consolato d\u2019Italia a Manchester effettuer\u00e0 una missione consolare a York (Yorkshire), ulteriore tappa di quest\u2019anno dopo l\u2019Isola di Man, Carlisle e Keighley, per la raccolta dei dati biometrici e delle pratiche di passaporto. Durante la visita sar\u00e0 presente anche il Comites Manchester, per fornire ulteriore assistenza ai connazionali che ne [&hellip;]<\/p>\n                                <a title=\"MISSIONE CONSOLARE A YORK (YORKSHIRE, 5 SETTEMBRE 2026)\" class=\"read-more\" href=\"https:\/\/consmanchester.esteri.it\/it\/news\/dal_consolato\/2026\/08\/missione-consolare-a-york-yorkshire-5-settembre-2026\/\">\n                                    <span class=\"text\">Leggi di pi\u00f9<\/span>\n                                    <svg class=\"icon\">\n                                    <use xlink:href=\"https:\/\/consmanchester.esteri.it\/wp-content\/themes\/sedi-tema\/assets\/svg\/sprites.svg#it-arrow-right\"><\/use>\n                                    <\/svg>\n                                <\/a>\n                                                    <\/div>\n                    <\/div>\n                <\/div>\n                <!--end card-->\n                <\/div><!-- col-12 .mt-3-->\n                            <div class=\"col-12 mt-3\">\n                <!--start card-->\n                <div class=\"card-wrapper card-space\">\n                    <div class=\"card card-bg card-big border-bottom-card\">\n                        <div class=\"card-body \">\n                                                        <div class=\"category-top\">\n                                                                                                            <span class=\"\">\n                                        <svg class=\"icon icon-secondary\">\n                                            <use xlink:href=\"https:\/\/consmanchester.esteri.it\/wp-content\/themes\/sedi-tema\/assets\/svg\/sprites.svg#it-calendar\"><\/use>\n                                        <\/svg> 3 Agosto 2026                                    <\/span>\n                                                                    <\/div>\n                            <h5 class=\"card-title big-heading text-uppercase\"><a class=\"text-body text-decoration-none\" href=\"https:\/\/consmanchester.esteri.it\/it\/news\/dal_consolato\/2026\/08\/validita-illimitata-delle-cie-emesse-in-favore-di-cittadini-ultrasettantenni\/\" title=\"VALIDIT\u00c0 ILLIMITATA DELLE CIE EMESSE IN FAVORE DI CITTADINI ULTRASETTANTENNI.\">VALIDIT\u00c0 ILLIMITATA DELLE CIE EMESSE IN FAVORE DI CITTADINI ULTRASETTANTENNI.<\/a><\/h5>\n                            <p class=\"card-text\">Si comunica che \u2013 a decorrere dal 30 luglio 2026 \u2013 la Carta d\u2019Identit\u00e0 Elettronica rilasciata ai cittadini di et\u00e0 pari o superiore ai 70 (settanta) anni al momento della richiesta di emissione avr\u00e0 validit\u00e0 illimitata, restando utilizzabile ai fini dell\u2019espatrio. In altri termini, il cittadino ultrasettantenne in cui favore sia stata rilasciata una CIE [&hellip;]<\/p>\n                                <a title=\"VALIDIT\u00c0 ILLIMITATA DELLE CIE EMESSE IN FAVORE DI CITTADINI ULTRASETTANTENNI.\" class=\"read-more\" href=\"https:\/\/consmanchester.esteri.it\/it\/news\/dal_consolato\/2026\/08\/validita-illimitata-delle-cie-emesse-in-favore-di-cittadini-ultrasettantenni\/\">\n                                    <span class=\"text\">Leggi di pi\u00f9<\/span>\n                                    <svg class=\"icon\">\n                                    <use xlink:href=\"https:\/\/consmanchester.esteri.it\/wp-content\/themes\/sedi-tema\/assets\/svg\/sprites.svg#it-arrow-right\"><\/use>\n                                    <\/svg>\n                                <\/a>\n                                                    <\/div>\n                    <\/div>\n                <\/div>\n                <!--end card-->\n                <\/div><!-- col-12 .mt-3-->\n                            <div class=\"col-12 mt-3\">\n                <!--start card-->\n                <div class=\"card-wrapper card-space\">\n                    <div class=\"card card-bg card-big border-bottom-card\">\n                        <div class=\"card-body \">\n                                                        <div class=\"category-top\">\n                                                                                                            <span class=\"\">\n                                        <svg class=\"icon icon-secondary\">\n                                            <use xlink:href=\"https:\/\/consmanchester.esteri.it\/wp-content\/themes\/sedi-tema\/assets\/svg\/sprites.svg#it-calendar\"><\/use>\n                                        <\/svg> 21 Luglio 2026                                    <\/span>\n                                                                    <\/div>\n                            <h5 class=\"card-title big-heading text-uppercase\"><a class=\"text-body text-decoration-none\" href=\"https:\/\/consmanchester.esteri.it\/it\/news\/dal_consolato\/2026\/07\/elezioni-comites-2026\/\" title=\"ELEZIONI DEI COMITES 2026\">ELEZIONI DEI COMITES 2026<\/a><\/h5>\n                            <p class=\"card-text\">Nel 2026 avranno luogo le elezioni per il rinnovo dei Comitati degli Italiani all\u2019Estero (Com.It.Es). I Com.It.Es. sono organismi che rappresentano i connazionali all\u2019estero nei rapporti con Ambasciate e Consolati e ne favoriscono l\u2019integrazione. Hanno inoltre il compito di preservare la memoria storica dell\u2019emigrazione italiana e valorizzare il contributo italiano nelle societ\u00e0 in cui operano. [&hellip;]<\/p>\n                                <a title=\"ELEZIONI DEI COMITES 2026\" class=\"read-more\" href=\"https:\/\/consmanchester.esteri.it\/it\/news\/dal_consolato\/2026\/07\/elezioni-comites-2026\/\">\n                                    <span class=\"text\">Leggi di pi\u00f9<\/span>\n                                    <svg class=\"icon\">\n                                    <use xlink:href=\"https:\/\/consmanchester.esteri.it\/wp-content\/themes\/sedi-tema\/assets\/svg\/sprites.svg#it-arrow-right\"><\/use>\n                                    <\/svg>\n                                <\/a>\n                                                    <\/div>\n                    <\/div>\n                <\/div>\n                <!--end card-->\n                <\/div><!-- col-12 .mt-3-->\n                            <div class=\"col-12 mt-3\">\n                <!--start card-->\n                <div class=\"card-wrapper card-space\">\n                    <div class=\"card card-bg card-big border-bottom-card\">\n                        <div class=\"card-body \">\n                                                        <div class=\"category-top\">\n                                                                                                            <span class=\"\">\n                                        <svg class=\"icon icon-secondary\">\n                                            <use xlink:href=\"https:\/\/consmanchester.esteri.it\/wp-content\/themes\/sedi-tema\/assets\/svg\/sprites.svg#it-calendar\"><\/use>\n                                        <\/svg> 17 Luglio 2026                                    <\/span>\n                                                                    <\/div>\n                            <h5 class=\"card-title big-heading text-uppercase\"><a class=\"text-body text-decoration-none\" href=\"https:\/\/consmanchester.esteri.it\/it\/news\/dal_consolato\/2026\/07\/guasto-linee-telefoniche\/\" title=\"GUASTO LINEE TELEFONICHE\">GUASTO LINEE TELEFONICHE<\/a><\/h5>\n                            <p class=\"card-text\">A causa di un guasto alle nostre linee telefoniche, il servizio di centralino previsto in data odierna, dalle 14:30 alle 15:30, non sar\u00e0 attivo. Per eventuali necessit\u00e0, si invitano i connazionali a contattarci all\u2019indirizzo manchester.segreteria@esteri.it. Ringraziamo per la comprensione e ci scusiamo per il disagio.<\/p>\n                                <a title=\"GUASTO LINEE TELEFONICHE\" class=\"read-more\" href=\"https:\/\/consmanchester.esteri.it\/it\/news\/dal_consolato\/2026\/07\/guasto-linee-telefoniche\/\">\n                                    <span class=\"text\">Leggi di pi\u00f9<\/span>\n                                    <svg class=\"icon\">\n                                    <use xlink:href=\"https:\/\/consmanchester.esteri.it\/wp-content\/themes\/sedi-tema\/assets\/svg\/sprites.svg#it-arrow-right\"><\/use>\n                                    <\/svg>\n                                <\/a>\n                                                    <\/div>\n                    <\/div>\n                <\/div>\n                <!--end card-->\n                <\/div><!-- col-12 .mt-3-->\n                            <div class=\"col-12 mt-3\">\n                <!--start card-->\n                <div class=\"card-wrapper card-space\">\n                    <div class=\"card card-bg card-big border-bottom-card\">\n                        <div class=\"card-body \">\n                                                        <div class=\"category-top\">\n                                                                                                            <span class=\"\">\n                                        <svg class=\"icon icon-secondary\">\n                                            <use xlink:href=\"https:\/\/consmanchester.esteri.it\/wp-content\/themes\/sedi-tema\/assets\/svg\/sprites.svg#it-calendar\"><\/use>\n                                        <\/svg> 17 Luglio 2026                                    <\/span>\n                                                                    <\/div>\n                            <h5 class=\"card-title big-heading text-uppercase\"><a class=\"text-body text-decoration-none\" href=\"https:\/\/consmanchester.esteri.it\/it\/news\/dal_consolato\/2026\/07\/carta-didentita-cartacea-ed-elettronica-cie-campagna-di-sostituzione-delle-carte-didentita-cartacee-e-rinnovo-presso-i-comuni-italiani\/\" title=\"CARTA D\u2019IDENTIT\u00c0 CARTACEA ED ELETTRONICA (CIE): CAMPAGNA DI SOSTITUZIONE DELLE CARTE D\u2019IDENTIT\u00c0 CARTACEE E RINNOVO PRESSO I COMUNI ITALIANI.\">CARTA D\u2019IDENTIT\u00c0 CARTACEA ED ELETTRONICA (CIE): CAMPAGNA DI SOSTITUZIONE DELLE CARTE D\u2019IDENTIT\u00c0 CARTACEE E RINNOVO PRESSO I COMUNI ITALIANI.<\/a><\/h5>\n                            <p class=\"card-text\">1) CESSAZIONE DELLA VALIDIT\u00c0 DELLA CARTA D\u2019IDENTIT\u00c0 CARTACEA PER L\u2019ESPATRIO DAL 3 AGOSTO Si ricorda a tutte e tutti i connazionali che a partire dal 3 agosto 2026 la versione cartacea della Carta d\u2019identit\u00e0 cesser\u00e0 di essere valida per l\u2019espatrio, indipendentemente dalla data di scadenza riportata sul retro. Il DL 26\/06\/2026 n.108 ha introdotto alcune [&hellip;]<\/p>\n                                <a title=\"CARTA D\u2019IDENTIT\u00c0 CARTACEA ED ELETTRONICA (CIE): CAMPAGNA DI SOSTITUZIONE DELLE CARTE D\u2019IDENTIT\u00c0 CARTACEE E RINNOVO PRESSO I COMUNI ITALIANI.\" class=\"read-more\" href=\"https:\/\/consmanchester.esteri.it\/it\/news\/dal_consolato\/2026\/07\/carta-didentita-cartacea-ed-elettronica-cie-campagna-di-sostituzione-delle-carte-didentita-cartacee-e-rinnovo-presso-i-comuni-italiani\/\">\n                                    <span class=\"text\">Leggi di pi\u00f9<\/span>\n                                    <svg class=\"icon\">\n                                    <use xlink:href=\"https:\/\/consmanchester.esteri.it\/wp-content\/themes\/sedi-tema\/assets\/svg\/sprites.svg#it-arrow-right\"><\/use>\n                                    <\/svg>\n                                <\/a>\n                                                    <\/div>\n                    <\/div>\n                <\/div>\n                <!--end card-->\n                <\/div><!-- col-12 .mt-3-->\n                            <div class=\"col-12 mt-3\">\n                <!--start card-->\n                <div class=\"card-wrapper card-space\">\n                    <div class=\"card card-bg card-big border-bottom-card\">\n                        <div class=\"card-body \">\n                                                        <div class=\"category-top\">\n                                                                                                            <span class=\"\">\n                                        <svg class=\"icon icon-secondary\">\n                                            <use xlink:href=\"https:\/\/consmanchester.esteri.it\/wp-content\/themes\/sedi-tema\/assets\/svg\/sprites.svg#it-calendar\"><\/use>\n                                        <\/svg> 14 Luglio 2026                                    <\/span>\n                                                                    <\/div>\n                            <h5 class=\"card-title big-heading text-uppercase\"><a class=\"text-body text-decoration-none\" href=\"https:\/\/consmanchester.esteri.it\/it\/news\/dal_consolato\/2026\/07\/nomina-di-un-corrispondente-consolare-responsabile-per-lisola-di-man-scadenza-invio-candidature-venerdi-14-agosto-2026\/\" title=\"NOMINA DI UN CORRISPONDENTE CONSOLARE RESPONSABILE PER L\u2019ISOLA DI MAN: SCADENZA INVIO CANDIDATURE VENERDI 14 AGOSTO 2026.\">NOMINA DI UN CORRISPONDENTE CONSOLARE RESPONSABILE PER L\u2019ISOLA DI MAN: SCADENZA INVIO CANDIDATURE VENERDI 14 AGOSTO 2026.<\/a><\/h5>\n                            <p class=\"card-text\">Il Consolato d\u2019Italia a Manchester intende nominare un Corrispondente consolare per l\u2019Isola di Man, con l\u2019obiettivo di migliorare l\u2019assistenza consolare ai connazionali residenti sull\u2019Isola in raccordo con la Sede centrale. Le candidature potranno essere inviate entro il 14 agosto 2026 all\u2019indirizzo manchester.segreteria@esteri.it, specificando nell\u2019oggetto \u201cISOLA DI MAN \u2013 CANDIDATURA CORRISPONDENTE CONSOLARE\u201d. Requisito essenziale del\/della candidata [&hellip;]<\/p>\n                                <a title=\"NOMINA DI UN CORRISPONDENTE CONSOLARE RESPONSABILE PER L\u2019ISOLA DI MAN: SCADENZA INVIO CANDIDATURE VENERDI 14 AGOSTO 2026.\" class=\"read-more\" href=\"https:\/\/consmanchester.esteri.it\/it\/news\/dal_consolato\/2026\/07\/nomina-di-un-corrispondente-consolare-responsabile-per-lisola-di-man-scadenza-invio-candidature-venerdi-14-agosto-2026\/\">\n                                    <span class=\"text\">Leggi di pi\u00f9<\/span>\n                                    <svg class=\"icon\">\n                                    <use xlink:href=\"https:\/\/consmanchester.esteri.it\/wp-content\/themes\/sedi-tema\/assets\/svg\/sprites.svg#it-arrow-right\"><\/use>\n                                    <\/svg>\n                                <\/a>\n                                                    <\/div>\n                    <\/div>\n                <\/div>\n                <!--end card-->\n                <\/div><!-- col-12 .mt-3-->\n            \n            <div class=\"col-md-12 mt-4 pb-4\">\n                <nav class=\"navigation col-md-12\" aria-label=\"Navigation\">\n                    <h2 class=\"screen-reader-text visually-hidden\">Paginazione<\/h2>\n                    <div class=\"nav-links\">\n                    <span aria-current=\"page\" class=\"page-numbers current\">1<\/span>\n<a class=\"page-numbers\" href=\"https:\/\/consmanchester.esteri.it\/it\/wp-json\/wp\/v2\/pages\/55\/?pag=2\">2<\/a>\n<a class=\"page-numbers\" href=\"https:\/\/consmanchester.esteri.it\/it\/wp-json\/wp\/v2\/pages\/55\/?pag=3\">3<\/a>\n<span class=\"page-numbers dots\">&hellip;<\/span>\n<a class=\"page-numbers\" href=\"https:\/\/consmanchester.esteri.it\/it\/wp-json\/wp\/v2\/pages\/55\/?pag=12\">12<\/a>\n<a class=\"next page-numbers\" href=\"https:\/\/consmanchester.esteri.it\/it\/wp-json\/wp\/v2\/pages\/55\/?pag=2\"><svg class=\"icon icon-primary\"><use xlink:href=\"https:\/\/consmanchester.esteri.it\/wp-content\/themes\/sedi-tema\/assets\/svg\/sprites.svg#it-chevron-right\"><\/use><\/svg>\n                                    <span class=\"visually-hidden\">Pagina successiva<\/span><\/a>                    <\/div>\n                <\/nav>\n            <\/div>   <!--.col-md-12 -->\n              <\/div><!--.row -->\n              \n","protected":false},"excerpt":{"rendered":"","protected":false},"author":1,"featured_media":0,"parent":21,"menu_order":0,"comment_status":"closed","ping_status":"closed","template":"","meta":{"footnotes":""},"class_list":["post-55","page","type-page","status-publish","hentry"],"_links":{"self":[{"href":"https:\/\/consmanchester.esteri.it\/it\/wp-json\/wp\/v2\/pages\/55","targetHints":{"allow":["GET"]}}],"collection":[{"href":"https:\/\/consmanchester.esteri.it\/it\/wp-json\/wp\/v2\/pages"}],"about":[{"href":"https:\/\/consmanchester.esteri.it\/it\/wp-json\/wp\/v2\/types\/page"}],"author":[{"embeddable":true,"href":"https:\/\/consmanchester.esteri.it\/it\/wp-json\/wp\/v2\/users\/1"}],"replies":[{"embeddable":true,"href":"https:\/\/consmanchester.esteri.it\/it\/wp-json\/wp\/v2\/comments?post=55"}],"version-history":[{"count":0,"href":"https:\/\/consmanchester.esteri.it\/it\/wp-json\/wp\/v2\/pages\/55\/revisions"}],"up":[{"embeddable":true,"href":"https:\/\/consmanchester.esteri.it\/it\/wp-json\/wp\/v2\/pages\/21"}],"wp:attachment":[{"href":"https:\/\/consmanchester.esteri.it\/it\/wp-json\/wp\/v2\/media?parent=55"}],"curies":[{"name":"wp","href":"https:\/\/api.w.org\/{rel}","templated":true}]}}